{"id":1204,"date":"2022-04-14T12:37:39","date_gmt":"2022-04-14T09:37:39","guid":{"rendered":"https:\/\/www.edigilit.eu\/edigilit\/?page_id=1204"},"modified":"2022-08-23T23:37:12","modified_gmt":"2022-08-23T20:37:12","slug":"multiplier-event-croatia-3","status":"publish","type":"page","link":"https:\/\/www.edigilit.eu\/edigilit\/en\/multiplier-event-croatia-3\/","title":{"rendered":"Multiplier event &#8211; Croatia"},"content":{"rendered":"\n<p><strong>Members  of the project team from the University of Zagreb on the \u201cEnhancing  Digital Literacy of University Students\u201d (E-DigiLit) project, which is  funded by Erasmus+ KA203, presented the project results (which included  review of the curriculum, teaching materials and teacher guides for the  Digital Literacy course, and Moodle system that supports the  implementation of the project) for the public and interested  stakeholders.        <\/strong>            <\/p>\n\n\n\n<p>The\n event was held on April 8, 2022 at the Faculty of Organization and \nInformatics in Vara\u017edin. The event was attended by over 100 participants\n \u2013 students and teachers from secondary schools, staff of the Vara\u017edin \nkindergarten and secondary schools, Vara\u017edin County, agencies, centers, \nand other educational institutions.<\/p>\n\n\n\n<p>After  the greeting of the Faculty of Organization and Informatics, dean,  Prof. Nina Begi\u010devi\u0107 Re\u0111ep, Ph.D., presentation of activities and  results of the project was held by project team members Prof. Valentina  Kirini\u0107, Ph.D., Prof. Dragutin Kermek, Ph.D., Asst. Prof. Matija Novak,  Ph.D. and Antonela \u010ci\u017eme\u0161ija, M. Inf. Followed the lectures given by two  invited lecturers: \u017darko \u010ci\u017emar, CEO of Telecenter, and Prof. Marjan  Kra\u0161na, Ph.D. from the Faculty of Arts,  University of Maribor.&nbsp; <\/p>\n\n\n\n<p>In addition to promoting digital literacy in universities and\n wider, the aim of this event was to collect ideas on possible ways of \npromoting and applying project results in society and all education \nrelated institutions, public administration and institutions engaged in \nlifelong education.&nbsp; <\/p>\n\n\n\n<p>The\n project started in September 2019 with the aim of raising the level of \ndigital literacy of students involved in tertiary education. The project\n coordinator is Dokuz Eyl\u00fcl University (TURKEY), and the partners are \nFundacion Un\u0131versitaria San Antonio (SPAIN), the University of Coventry \n(UNITED KINGDOM) and the Faculty of Organization and Informatics, \nUniversity of Zagreb (CROATIA). <\/p>\n\n\n\n<a data-flickr-embed=\"true\" href=\"https:\/\/www.flickr.com\/photos\/40433161@N03\/albums\/72177720297953118\" title=\"Zavr\u0161na konferencija EDigiLit projekta\"><img loading=\"lazy\" decoding=\"async\" src=\"https:\/\/live.staticflickr.com\/65535\/51989965451_249f1957bd_b.jpg\" alt=\"Zavr\u0161na konferencija EDigiLit projekta\" width=\"1024\" height=\"768\"><\/a><script async=\"\" src=\"\/\/embedr.flickr.com\/assets\/client-code.js\" charset=\"utf-8\"><\/script>\n","protected":false},"excerpt":{"rendered":"<p>Members of the project team from the University of Zagreb on the \u201cEnhancing Digital Literacy of University Students\u201d (E-DigiLit) project,&hellip;<\/p>\n","protected":false},"author":6,"featured_media":0,"parent":0,"menu_order":0,"comment_status":"closed","ping_status":"closed","template":"","meta":{"_coblocks_attr":"","_coblocks_dimensions":"","_coblocks_responsive_height":"","_coblocks_accordion_ie_support":"","footnotes":""},"class_list":["post-1204","page","type-page","status-publish","hentry"],"_links":{"self":[{"href":"https:\/\/www.edigilit.eu\/edigilit\/wp-json\/wp\/v2\/pages\/1204","targetHints":{"allow":["GET"]}}],"collection":[{"href":"https:\/\/www.edigilit.eu\/edigilit\/wp-json\/wp\/v2\/pages"}],"about":[{"href":"https:\/\/www.edigilit.eu\/edigilit\/wp-json\/wp\/v2\/types\/page"}],"author":[{"embeddable":true,"href":"https:\/\/www.edigilit.eu\/edigilit\/wp-json\/wp\/v2\/users\/6"}],"replies":[{"embeddable":true,"href":"https:\/\/www.edigilit.eu\/edigilit\/wp-json\/wp\/v2\/comments?post=1204"}],"version-history":[{"count":9,"href":"https:\/\/www.edigilit.eu\/edigilit\/wp-json\/wp\/v2\/pages\/1204\/revisions"}],"predecessor-version":[{"id":1516,"href":"https:\/\/www.edigilit.eu\/edigilit\/wp-json\/wp\/v2\/pages\/1204\/revisions\/1516"}],"wp:attachment":[{"href":"https:\/\/www.edigilit.eu\/edigilit\/wp-json\/wp\/v2\/media?parent=1204"}],"curies":[{"name":"wp","href":"https:\/\/api.w.org\/{rel}","templated":true}]}}