{"id":156,"date":"2020-01-14T11:45:27","date_gmt":"2020-01-14T08:45:27","guid":{"rendered":"http:\/\/edigilit.org\/?page_id=156"},"modified":"2022-06-09T11:50:10","modified_gmt":"2022-06-09T08:50:10","slug":"home","status":"publish","type":"page","link":"https:\/\/www.edigilit.eu\/edigilit\/","title":{"rendered":"Anasayfa"},"content":{"rendered":"\n<h2 class=\"wp-block-heading\">  <\/h2>\n\n\n\n<div style=\"height:27px\" aria-hidden=\"true\" class=\"wp-block-spacer\"><\/div>\n\n\n\n<h3 class=\"has-text-align-center wp-block-heading\">Proje Hakk\u0131nda <\/h3>\n\n\n\n<p class=\"has-text-align-center\"><strong> Erasmus +KA203 Enhancing Digital Literacy of University Students (E-DigiLit) -2019-1-TR01-KA203-076155<\/strong><\/p>\n\n\n\n<p class=\"has-text-align-center\"><strong>\u00dcniversite \u00d6\u011frencilerinin Dijital Okuryazarl\u0131k D\u00fczeylerinin Geli\u015ftirilmesi<\/strong><\/p>\n\n\n\n<p class=\"has-text-align-center\">Avrupa Komisyonu, bilgi toplumlar\u0131n\u0131n sahip olmas\u0131 gereken yetkinliklerden biri olarak dijital okuryazarl\u0131k becerilerini g\u00fcndeme getirmi\u015ftir. Benzer \u015fekilde, T\u00fcrkiye Y\u00fcksek\u00f6\u011fretim Kurulu da y\u00fcksek\u00f6\u011fretimde dijital d\u00f6n\u00fc\u015f\u00fcm ba\u011flam\u0131nda dijital okuryazarl\u0131k becerilerinin geli\u015ftirilmesi \u00fczerinde \u00e7al\u0131\u015fmalara ba\u015flam\u0131\u015ft\u0131r. Dokuz Eyl\u00fcl \u00dcniversitesi&#8217;nin koodinat\u00f6rl\u00fc\u011f\u00fcnde Avrupa&#8217;da ayn\u0131 ortak soruna sahip y\u00fcksek\u00f6\u011fretim kurumlar\u0131n\u0131 bir araya getirerek projenin geli\u015ftirilmesi ama\u00e7lanm\u0131\u015ft\u0131r. Proje ekibi E-DigiLit Projesi&#8217;ni \u00fcniversite \u00f6\u011frencilerinin dijital \u00e7a\u011fda sahip olmas\u0131 gereken yeteneklerini geli\u015ftirerek ihtiya\u00e7lar\u0131n\u0131 kar\u015f\u0131layacak \u015fekilde geli\u015ftirmi\u015ftir. Bu ba\u011flamda E-DigiLit projesi \u015funlar\u0131 ama\u00e7lamaktad\u0131r: <\/p>\n\n\n\n<p class=\"has-text-align-center\"> \u2713 Dijital okuryazarl\u0131k becerileri i\u00e7in bir \u00f6\u011frenme ortam\u0131 geli\u015ftirmek<br>  \u2713 \u00dcniversite \u00f6\u011frencilerinin dijital okuryazarl\u0131k becerilerini geli\u015ftirmek<br> \u2713 Dijital okuryazarl\u0131k \u00fczerine \u00fcniversitelerin kapasite geli\u015ftirilmesine katk\u0131da bulunmak<br> \u2713 Dijital okuryazarl\u0131k ile ilgili kaynaklara eri\u015fimin kolayla\u015ft\u0131r\u0131lmas\u0131<\/p>\n\n\n\n<p class=\"has-text-align-center\">Bu proje ile \u00f6\u011frencilere e\u011fitim materyalleri (video vb.) ile birlikte se\u00e7meli bir dijital okuryazarl\u0131k kursu verilecektir. Ayr\u0131ca, bu yeni se\u00e7meli dersi \u00f6\u011frencilere sunacak akademik personel i\u00e7in dijital okuryazarl\u0131k dersi \u00f6\u011fretim program\u0131 ve \u00e7evrimi\u00e7i k\u0131lavuz geli\u015ftirilecektir. 30 ay s\u00fcrecek e-Digilit projesi, \u00fcniversite \u00f6\u011frencilerinin dijital okuryazarl\u0131k becerilerini planl\u0131 ve akademik bir yakla\u015f\u0131mla geli\u015ftirecektir. Bu proje ayn\u0131 zamanda \u00f6\u011frencileri de\u011fi\u015fen i\u015fg\u00fcc\u00fc piyasalar\u0131na ve daha \u00e7e\u015fitli, mobil, dijital ve k\u00fcresel d\u00fcnyada aktif olmas\u0131 konusunda \u00f6nem ta\u015f\u0131maktad\u0131r . Di\u011fer yandan, y\u00fcz y\u00fcze ve \u00e7evrimi\u00e7i proje toplant\u0131lar\u0131 sayesinde \u00fcniversitelerin kapasitesi art\u0131r\u0131lacak ve ortaklar aras\u0131ndaki i\u015fbirli\u011fi g\u00fc\u00e7lendirilecektir.<\/p>\n\n\n\n<p class=\"has-text-align-center\">\u00d6\u011frenme Y\u00f6netim Sistemi i\u00e7in <a href=\"http:\/\/lms.edigilit.eu\">lms.edigilit.eu<\/a><\/p>\n\n\n\n<div class=\"wp-block-image\"><figure class=\"aligncenter size-large is-resized\"><a href=\"lms.edigilit.eu\" target=\"_blank\" rel=\"noreferrer noopener\"><img loading=\"lazy\" decoding=\"async\" src=\"https:\/\/www.edigilit.eu\/edigilit\/wp-content\/uploads\/2022\/04\/lms.jpg\" alt=\"\" class=\"wp-image-1228\" width=\"355\" height=\"183\" srcset=\"https:\/\/www.edigilit.eu\/edigilit\/wp-content\/uploads\/2022\/04\/lms.jpg 871w, https:\/\/www.edigilit.eu\/edigilit\/wp-content\/uploads\/2022\/04\/lms-300x154.jpg 300w, https:\/\/www.edigilit.eu\/edigilit\/wp-content\/uploads\/2022\/04\/lms-768x395.jpg 768w\" sizes=\"auto, (max-width: 355px) 100vw, 355px\" \/><\/a><\/figure><\/div>\n\n\n\n<figure class=\"wp-block-video\"><video height=\"1080\" style=\"aspect-ratio: 1920 \/ 1080;\" width=\"1920\" controls src=\"https:\/\/www.edigilit.eu\/edigilit\/wp-content\/uploads\/2022\/06\/erasmusdaysvideo_1510-2.mp4\"><\/video><\/figure>\n","protected":false},"excerpt":{"rendered":"<p>Proje Hakk\u0131nda Erasmus +KA203 Enhancing Digital Literacy of University Students (E-DigiLit) -2019-1-TR01-KA203-076155 \u00dcniversite \u00d6\u011frencilerinin Dijital Okuryazarl\u0131k D\u00fczeylerinin Geli\u015ftirilmesi Avrupa Komisyonu,&hellip;<\/p>\n","protected":false},"author":1,"featured_media":0,"parent":0,"menu_order":0,"comment_status":"closed","ping_status":"closed","template":"","meta":{"_coblocks_attr":"","_coblocks_dimensions":"","_coblocks_responsive_height":"","_coblocks_accordion_ie_support":"","footnotes":""},"class_list":["post-156","page","type-page","status-publish","hentry"],"_links":{"self":[{"href":"https:\/\/www.edigilit.eu\/edigilit\/wp-json\/wp\/v2\/pages\/156","targetHints":{"allow":["GET"]}}],"collection":[{"href":"https:\/\/www.edigilit.eu\/edigilit\/wp-json\/wp\/v2\/pages"}],"about":[{"href":"https:\/\/www.edigilit.eu\/edigilit\/wp-json\/wp\/v2\/types\/page"}],"author":[{"embeddable":true,"href":"https:\/\/www.edigilit.eu\/edigilit\/wp-json\/wp\/v2\/users\/1"}],"replies":[{"embeddable":true,"href":"https:\/\/www.edigilit.eu\/edigilit\/wp-json\/wp\/v2\/comments?post=156"}],"version-history":[{"count":37,"href":"https:\/\/www.edigilit.eu\/edigilit\/wp-json\/wp\/v2\/pages\/156\/revisions"}],"predecessor-version":[{"id":1361,"href":"https:\/\/www.edigilit.eu\/edigilit\/wp-json\/wp\/v2\/pages\/156\/revisions\/1361"}],"wp:attachment":[{"href":"https:\/\/www.edigilit.eu\/edigilit\/wp-json\/wp\/v2\/media?parent=156"}],"curies":[{"name":"wp","href":"https:\/\/api.w.org\/{rel}","templated":true}]}}