{"id":989,"date":"2020-12-13T22:40:23","date_gmt":"2020-12-13T19:40:23","guid":{"rendered":"https:\/\/www.edigilit.eu\/edigilit\/?page_id=989"},"modified":"2022-09-14T11:40:38","modified_gmt":"2022-09-14T08:40:38","slug":"dissemination-hr","status":"publish","type":"page","link":"https:\/\/www.edigilit.eu\/edigilit\/hr\/dissemination-hr\/","title":{"rendered":"Diseminacija"},"content":{"rendered":"\n<figure class=\"wp-block-table\" style=\"width:900px;\"><table class=\"\" style=\"width: 900px\"><col style=\"width: 70%\"><col style=\"width: 30%\"><tbody><tr><td> <strong>Konferencije (IPIE  &#8211; Belgija)<\/strong><br>Evaluacija te\u010daja \u201cDigitalna pismenost\u201d uklju\u010duju\u0107i digitalne nastavne materijale na razini visokog obrazovanja predstavljena je na me\u0111unarodnoj konferenciji International Perspectives in Education 8. travnja 2022.<br> Datum: 8. travnja 2022<br> Prezentacija: Yasemin KAHYAO\u011eLU ERDO\u011eMU\u015e <\/td><td><img loading=\"lazy\" decoding=\"async\" width=\"300\" height=\"300\" class=\"wp-image-1583\" style=\"width: 300px;\" src=\"https:\/\/www.edigilit.eu\/edigilit\/wp-content\/uploads\/2022\/09\/ipie-1.jpg\" alt=\"\" srcset=\"https:\/\/www.edigilit.eu\/edigilit\/wp-content\/uploads\/2022\/09\/ipie-1.jpg 713w, https:\/\/www.edigilit.eu\/edigilit\/wp-content\/uploads\/2022\/09\/ipie-1-300x300.jpg 300w, https:\/\/www.edigilit.eu\/edigilit\/wp-content\/uploads\/2022\/09\/ipie-1-150x150.jpg 150w\" sizes=\"auto, (max-width: 300px) 100vw, 300px\" \/><\/td><\/tr><tr><td><strong>4. IITEE<\/strong><br> \u201cRazvijanje okru\u017eenja za u\u010denje u svrhu pobolj\u0161anja digitalne pismenosti sveu\u010dili\u0161nih studenata\u201d i \u201cPrimjeri digitalnih materijala projekta E-DigiLit\u201d predstavljeni su na 4. IITEE simpoziju 7. velja\u010de 2022. u organizaciji Sveu\u010dili\u0161ta Ege<br> Datum: 7. velja\u010de 2022. <br> Prezentacija: Yasemin KAHYAO\u011eLU ERDO\u011eMU\u015e <\/td><td><img loading=\"lazy\" decoding=\"async\" width=\"300\" height=\"200\" class=\"wp-image-1584\" style=\"width: 300px;\" src=\"https:\/\/www.edigilit.eu\/edigilit\/wp-content\/uploads\/2022\/09\/iitee-1.jpg\" alt=\"\" srcset=\"https:\/\/www.edigilit.eu\/edigilit\/wp-content\/uploads\/2022\/09\/iitee-1.jpg 1600w, https:\/\/www.edigilit.eu\/edigilit\/wp-content\/uploads\/2022\/09\/iitee-1-300x200.jpg 300w, https:\/\/www.edigilit.eu\/edigilit\/wp-content\/uploads\/2022\/09\/iitee-1-1024x682.jpg 1024w, https:\/\/www.edigilit.eu\/edigilit\/wp-content\/uploads\/2022\/09\/iitee-1-768x512.jpg 768w, https:\/\/www.edigilit.eu\/edigilit\/wp-content\/uploads\/2022\/09\/iitee-1-1536x1023.jpg 1536w\" sizes=\"auto, (max-width: 300px) 100vw, 300px\" \/><\/td><\/tr><tr><td><strong>Na projektu E-DigiLit podijeljene potvrdnice za uspje\u0161no savladavanje te\u010daja \u201cDigitalna pismenost\u201d <\/strong><br>U \u010detvrtak, 21. sije\u010dnja 2022. na Fakultetu organizacije i informatike u  Vara\u017edinu (Sveu\u010dili\u0161te u Zagrebu), jednog od partnera na projektu  Erasmus +KA203 naziva <em>\u201e<strong>Enhancing Digital Literacy of University Students &#8211; E-DigiLit<\/strong>\u201c<\/em>,  uprili\u010dena je podjela potvrdnica studenticama i studentima koji su  uspje\u0161no savladali nastavne materijale, a koji su bili dio probnog  izvo\u0111enja te\u010daja \u201e<strong>Digitalna pismenost<\/strong>\u201c. Potvrdnicu je primilo njih 56-ero.<br>Datum: 21.01.2022<br>Objava: <a href=\"https:\/\/www.foi.unizg.hr\/hr\/novosti\/na-projektu-e-digilit-podijeljene-potvrdnice-za-uspjesno-savladavanje-tecaja-digitalna\">https:\/\/www.foi.unizg.hr\/hr\/novosti\/na-projektu-e-digilit-podijeljene-potvrdnice-za-uspjesno-savladavanje-tecaja-digitalna<\/a><\/td><td><\/td><\/tr><tr><td><strong>Zavr\u0161eno probno izvo\u0111enje te\u010daja \u201cDigitalna pismenost\u201d na projektu E-DigiLit <\/strong><br>Na projektu E-DigiLit zavr\u0161ilo je probno izvo\u0111enje te\u010daja \u201eDigitalna pismenost\u201c kojeg je uspje\u0161no savladalo 56 studentica i studenata Fakulteta organizacije i informatike.<br>Datum: 23.12.2021<br>Objava: <a href=\"https:\/\/www.foi.unizg.hr\/hr\/novosti\/zavrseno-probno-izvodenje-tecaja-digitalna-pismenost-na-projektu-e-digilit\">https:\/\/www.foi.unizg.hr\/hr\/novosti\/zavrseno-probno-izvodenje-tecaja-digitalna-pismenost-na-projektu-e-digilit<\/a><\/td><td><\/td><\/tr><tr><td><strong>Zavr\u0161en program edukacije nastavnika na projektu E-DigiLit<\/strong><br>Dana 12.11.2021. uru\u010denjem certifikata slu\u017ebeno je na projektu E-DigiLit zavr\u0161ilo dvotjedno provo\u0111enje programa edukacije nastavnika (Teacher training).<br>Datum: 12.11.2021<br>Objava: <a href=\"https:\/\/www.foi.unizg.hr\/hr\/novosti\/zavrsen-program-edukacije-nastavnika-na-projektu-e-digilit\">https:\/\/www.foi.unizg.hr\/hr\/novosti\/zavrsen-program-edukacije-nastavnika-na-projektu-e-digilit<\/a><\/td><td><\/td><\/tr><tr><td><strong>Zapo\u010delo izvo\u0111enje programa edukacije\/pripreme nastavnika na projektu E-DigiLit <\/strong><br>U \u010detvrtak, 28.10.2021. je na Fakultetu organizacije i informatike u Vara\u017edinu (FOI), koji je kao dio projektnog tima Sveu\u010dili\u0161ta u Zagrebu jedan od partnera na projektu Erasmus +KA203 projekta \u201eEnhancing Digital Literacy of University Students &#8211; E-DigiLit\u201c, zapo\u010delo izvo\u0111enje programa edukacije\/pripreme nastavnika (eng. teacher training program) za probno izvo\u0111enje nastave na te\u010daju \u201eDigitalna pismenost\u201c.<br>Datum: 28.10.2021<br>Objava: <a href=\"https:\/\/www.foi.unizg.hr\/hr\/novosti\/zapocelo-izvodenje-programa-edukacijepripreme-nastavnika-na-projektu-e-digilit\">https:\/\/www.foi.unizg.hr\/hr\/novosti\/zapocelo-izvodenje-programa-edukacijepripreme-nastavnika-na-projektu-e-digilit<\/a><\/td><td><\/td><\/tr><tr><td><strong>Objavljen je tre\u0107i bilten projekta E-DigiLit <\/strong><br>Erasmus+ projekt E-DigiLit \u2013 Unapre\u0111enje digitalne pismenosti studenata na sveu\u010dili\u0161tima (E-DigiLit) kojeg na Fakultetu organizacije i informatike vodi prof. dr. sc. Valentina Kirini\u0107, a \u010dlanovi projektnog tima su prof. dr. sc. Dragutin Kermek, prof. dr. sc. Violeta Vida\u010dek Hain\u0161, dr. sc. Matija Novak, mr. sc. Lana \u0160kvorc te izv. prof. dr. sc. Predrag Ore\u0161ki s U\u010diteljskog fakulteta Sveu\u010dili\u0161ta u Zagrebu, objavio je tre\u0107i bilten sa novostima i aktivnostima na projektu.<br>Datum: 15.07.2021<br>Objava: <a href=\"https:\/\/www.foi.unizg.hr\/hr\/novosti\/objavljen-je-treci-bilten-projekta-e-digilit\">https:\/\/www.foi.unizg.hr\/hr\/novosti\/objavljen-je-treci-bilten-projekta-e-digilit<\/a> <\/td><td><\/td><\/tr><tr><td><strong>UBEST<\/strong><br> \u201cIstra\u017eivanje digitalne pismenosti studenata turskih sveu\u010dili\u0161ta prema DIGCOMP okviru\u201d predstavljeno je na 2. simpoziju International Science, Education, Art &amp; Technology 28-29 svibnja 2021. <br>Datum: 28-29 svibanj 2021.<br>Prezentacija: Bahar BARAN<\/td><td><a href=\"https:\/\/twitter.com\/edigilit\/status\/1318865582134054913\"><\/a>  <a href=\"https:\/\/twitter.com\/edigilit\/status\/1318865582134054913\"><\/a>  <a href=\"https:\/\/twitter.com\/edigilit\/status\/1318865582134054913\"><\/a>  <a href=\"https:\/\/twitter.com\/edigilit\/status\/1318865582134054913\"><\/a> <img loading=\"lazy\" decoding=\"async\" width=\"300\" height=\"157\" class=\"wp-image-1585\" style=\"width: 300px;\" src=\"https:\/\/www.edigilit.eu\/edigilit\/wp-content\/uploads\/2022\/09\/ubesti-1.jpg\" alt=\"\" srcset=\"https:\/\/www.edigilit.eu\/edigilit\/wp-content\/uploads\/2022\/09\/ubesti-1.jpg 1157w, https:\/\/www.edigilit.eu\/edigilit\/wp-content\/uploads\/2022\/09\/ubesti-1-300x157.jpg 300w, https:\/\/www.edigilit.eu\/edigilit\/wp-content\/uploads\/2022\/09\/ubesti-1-1024x536.jpg 1024w, https:\/\/www.edigilit.eu\/edigilit\/wp-content\/uploads\/2022\/09\/ubesti-1-768x402.jpg 768w\" sizes=\"auto, (max-width: 300px) 100vw, 300px\" \/><\/td><\/tr><tr><td><strong>ERASMUS DAYS 2020<\/strong><br><br>E-Digilit Projekt &#8220;Erasmus Days 2020&#8221; video<br>Datum: 21.10.2020 <br>Prezentacija:  Mar\u00eda del Mar Rodr\u00edguez Rosell <\/td><td><a href=\"https:\/\/twitter.com\/edigilit\/status\/1318865582134054913\"><img loading=\"lazy\" decoding=\"async\" width=\"400\" height=\"315\" class=\"wp-image-1003\" style=\"width: 400px;\" src=\"https:\/\/www.edigilit.eu\/edigilit\/wp-content\/uploads\/2020\/12\/dissemination_1.png\" alt=\"\" srcset=\"https:\/\/www.edigilit.eu\/edigilit\/wp-content\/uploads\/2020\/12\/dissemination_1.png 622w, https:\/\/www.edigilit.eu\/edigilit\/wp-content\/uploads\/2020\/12\/dissemination_1-300x236.png 300w\" sizes=\"auto, (max-width: 400px) 100vw, 400px\" \/><\/a><\/td><\/tr><tr><td><strong>&#8220;3rd IITEE  International Instructional Technologies in <\/strong><br><strong>Engineering Education&#8221; Symposium<\/strong><br><strong> <\/strong> <br>E-Digilit Projekt prezentiran na  &#8220;3rd IITEE International Instructional Technologies in Engineering Education&#8221; simpoziju<br>Datum: 18.09.2020 <br>Prezentacija: Ercan AKPINAR <\/td><td><a href=\"https:\/\/twitter.com\/edigilit\/status\/1306974021993607175\/photo\/2\"><img loading=\"lazy\" decoding=\"async\" width=\"400\" height=\"213\" class=\"wp-image-1016\" style=\"width: 400px;\" src=\"https:\/\/www.edigilit.eu\/edigilit\/wp-content\/uploads\/2020\/12\/dissemination_2.jpg\" alt=\"\" srcset=\"https:\/\/www.edigilit.eu\/edigilit\/wp-content\/uploads\/2020\/12\/dissemination_2.jpg 1831w, https:\/\/www.edigilit.eu\/edigilit\/wp-content\/uploads\/2020\/12\/dissemination_2-300x159.jpg 300w, https:\/\/www.edigilit.eu\/edigilit\/wp-content\/uploads\/2020\/12\/dissemination_2-1024x544.jpg 1024w, https:\/\/www.edigilit.eu\/edigilit\/wp-content\/uploads\/2020\/12\/dissemination_2-768x408.jpg 768w, https:\/\/www.edigilit.eu\/edigilit\/wp-content\/uploads\/2020\/12\/dissemination_2-1536x816.jpg 1536w, https:\/\/www.edigilit.eu\/edigilit\/wp-content\/uploads\/2020\/12\/dissemination_2-1600x850.jpg 1600w\" sizes=\"auto, (max-width: 400px) 100vw, 400px\" \/><\/a><\/td><\/tr><tr><td> <strong>&#8220;3rd IITEE  International Instructional Technologies in <\/strong><br><strong>Engineering Education&#8221; Symposium <\/strong><br> <br> E-DigiLit Projekt: &#8220;An Investigation of Digital Literacy Needs of Students in the View of Stakeholders&#8221; prezentiran na  &#8220;3rd IITEE International Instructional  Technologies in Engineering Education&#8221; simpoziju<br> Datum:  17.09.2020 <br> Prezentacija:  K\u00fcr\u015fat ARSLAN<\/td><td><a href=\"https:\/\/twitter.com\/edigilit\/status\/1306611466351587328\/photo\/1\"><img loading=\"lazy\" decoding=\"async\" width=\"400\" height=\"227\" class=\"wp-image-1018\" style=\"width: 400px;\" src=\"https:\/\/www.edigilit.eu\/edigilit\/wp-content\/uploads\/2020\/12\/dissemination_3.jpg\" alt=\"\" srcset=\"https:\/\/www.edigilit.eu\/edigilit\/wp-content\/uploads\/2020\/12\/dissemination_3.jpg 1598w, https:\/\/www.edigilit.eu\/edigilit\/wp-content\/uploads\/2020\/12\/dissemination_3-300x170.jpg 300w, https:\/\/www.edigilit.eu\/edigilit\/wp-content\/uploads\/2020\/12\/dissemination_3-1024x581.jpg 1024w, https:\/\/www.edigilit.eu\/edigilit\/wp-content\/uploads\/2020\/12\/dissemination_3-768x435.jpg 768w, https:\/\/www.edigilit.eu\/edigilit\/wp-content\/uploads\/2020\/12\/dissemination_3-1536x871.jpg 1536w\" sizes=\"auto, (max-width: 400px) 100vw, 400px\" \/><\/a><\/td><\/tr><tr><td><strong>Projekt E-Digilit: rezultati iz prvog izvje\u0161tajnog razdoblja <\/strong><br>Na projektu E-Digilit 31. svibnja 2020. zavr\u0161ilo je prvo izvje\u0161tajno razdoblje. Projekt traje do 28. velja\u010de 2022. godine, a uklju\u010duje partnere iz Turske, \u0160panjolske, Engleske i Hrvatske. Glavni cilj projekta je razviti okru\u017eenje za unapre\u0111enje digitalne pismenosti u kontekstu digitalne transformacije u visoko\u0161kolskom obrazovanju, pridonijeti ja\u010danju kapaciteta visokih u\u010dili\u0161ta u smislu digitalne pismenosti, olak\u0161ati pristup izvorima unapre\u0111enja digitalne pismenosti te time omogu\u0107iti unapre\u0111ivanje digitalne pismenosti studenata.<br>Datum: 02.07.2020<br>Objava: <a href=\"https:\/\/www.foi.unizg.hr\/hr\/novosti\/projekt-e-digilit-rezultati-iz-prvog-izvjestajnog-razdoblja\">https:\/\/www.foi.unizg.hr\/hr\/novosti\/projekt-e-digilit-rezultati-iz-prvog-izvjestajnog-razdoblja<\/a><\/td><td><\/td><\/tr><\/tbody><\/table><\/figure>\n","protected":false},"excerpt":{"rendered":"<p>Konferencije (IPIE &#8211; Belgija)Evaluacija te\u010daja \u201cDigitalna pismenost\u201d uklju\u010duju\u0107i digitalne nastavne materijale na razini visokog obrazovanja predstavljena je na me\u0111unarodnoj konferenciji&hellip;<\/p>\n","protected":false},"author":1,"featured_media":0,"parent":0,"menu_order":0,"comment_status":"closed","ping_status":"closed","template":"","meta":{"_coblocks_attr":"","_coblocks_dimensions":"","_coblocks_responsive_height":"","_coblocks_accordion_ie_support":"","footnotes":""},"class_list":["post-989","page","type-page","status-publish","hentry"],"_links":{"self":[{"href":"https:\/\/www.edigilit.eu\/edigilit\/wp-json\/wp\/v2\/pages\/989","targetHints":{"allow":["GET"]}}],"collection":[{"href":"https:\/\/www.edigilit.eu\/edigilit\/wp-json\/wp\/v2\/pages"}],"about":[{"href":"https:\/\/www.edigilit.eu\/edigilit\/wp-json\/wp\/v2\/types\/page"}],"author":[{"embeddable":true,"href":"https:\/\/www.edigilit.eu\/edigilit\/wp-json\/wp\/v2\/users\/1"}],"replies":[{"embeddable":true,"href":"https:\/\/www.edigilit.eu\/edigilit\/wp-json\/wp\/v2\/comments?post=989"}],"version-history":[{"count":22,"href":"https:\/\/www.edigilit.eu\/edigilit\/wp-json\/wp\/v2\/pages\/989\/revisions"}],"predecessor-version":[{"id":1624,"href":"https:\/\/www.edigilit.eu\/edigilit\/wp-json\/wp\/v2\/pages\/989\/revisions\/1624"}],"wp:attachment":[{"href":"https:\/\/www.edigilit.eu\/edigilit\/wp-json\/wp\/v2\/media?parent=989"}],"curies":[{"name":"wp","href":"https:\/\/api.w.org\/{rel}","templated":true}]}}